{"id":2,"date":"2016-03-28T16:24:27","date_gmt":"2016-03-28T14:24:27","guid":{"rendered":"http:\/\/de.aceto-balsamico-tradizionale.com\/?page_id=2"},"modified":"2025-06-23T12:00:59","modified_gmt":"2025-06-23T10:00:59","slug":"home","status":"publish","type":"page","link":"https:\/\/balsamico.shop\/de\/","title":{"rendered":"Home"},"content":{"rendered":"<p><strong>Die aktuellen Highlights aus der Balsamico-Welt<\/strong><\/p>\n<div class='white' style='background:#fafafa; border:solid 1px #f0f0f0; border-radius:5px; padding:8px 8px 8px 8px;'>\n<div id='sample_slider' class='owl-carousel sa_owl_theme owl-pagination-true autohide-arrows' data-slider-id='sample_slider' style='visibility:hidden;'>\n<div id='sample_slider_slide01' class='sa_hover_container' style='padding:5% 5%; margin:0px 0%; background-image:url(&quot;https:\/\/balsamico.shop\/de\/wp-content\/uploads\/2024\/05\/spargel-parmesan-rezept-mit-balsamico.jpg&quot;); background-position:center center; background-size:cover; background-repeat:no-repeat; '><div class='sa_hover_buttons' style='top:50%; left:50%; margin-top:-20px; margin-left:-20px;'><a class='sa_slide_link_icon' href='https:\/\/balsamico.shop\/de\/gruener-spargel-rezept-mit-balsamico-und-parmesan-aus-dem-ofen\/' target='_self' title='' aria-label=''><\/a><\/div>\n<h3 style=\"text-align: center;background-color: darkred;line-height: 25px\"><span style=\"color: #ffffff\">Rezept Gr\u00fcner Spargel mit Balsamico und Parmesan aus dem Ofen<\/span><\/h3><\/div>\n<div id='sample_slider_slide02' class='sa_hover_container' style='padding:5% 5%; margin:0px 0%; background-image:url(&quot;https:\/\/balsamico.shop\/de\/wp-content\/uploads\/2024\/08\/balsamico-pfirsich-salat-mit-rucola-burrata.jpg&quot;); background-position:center bottom; background-size:cover; background-repeat:no-repeat; '><div class='sa_hover_buttons' style='top:50%; left:50%; margin-top:-20px; margin-left:-20px;'><a class='sa_slide_link_icon' href='https:\/\/balsamico.shop\/de\/balsamico-pfirsich-salat-rezept\/' target='_self' title='' aria-label=''><\/a><\/div>\n<h3 style=\"text-align: center;background-color: darkred;line-height: 25px\"><span style=\"color: #ffffff\">Balsamico-Pfirsich-Salat Rezept mit Rucola und Burrata<\/span><\/h3><\/div>\n<div id='sample_slider_slide03' class='sa_hover_container' style='padding:5% 5%; margin:0px 0%; background-image:url(&quot;https:\/\/balsamico.shop\/de\/wp-content\/uploads\/2025\/02\/aperol-spritz-rezepte.jpg&quot;); background-position:center bottom; background-size:cover; background-repeat:no-repeat; '><div class='sa_hover_buttons' style='top:50%; left:50%; margin-top:-20px; margin-left:-20px;'><a class='sa_slide_link_icon' href='https:\/\/balsamico.shop\/de\/spritz-rezepte\/' target='_self' title='' aria-label=''><\/a><\/div>\n<h3 style=\"text-align: center;background-color: darkred;line-height: 25px\"><span style=\"color: #ffffff\">Spritzige Cocktails mit Balsamico<\/span><\/h3><\/div>\n<div id='sample_slider_slide04' class='sa_hover_container' style='padding:5% 5%; margin:0px 0%; background-image:url(&quot;https:\/\/balsamico.shop\/de\/wp-content\/uploads\/2024\/07\/N85_3670.jpg&quot;); background-position:center center; background-size:100% auto; background-repeat:no-repeat; background-color:rgb(248, 246, 238); '><div class='sa_hover_buttons' style='top:50%; left:50%; margin-top:-20px; margin-left:-20px;'><a class='sa_slide_link_icon' href='https:\/\/balsamico.shop\/de\/palio-bester-aceto-balsamico\/' target='_self' title='' aria-label=''><\/a><\/div>\n<h3 style=\"text-align: center;background-color: darkred;line-height: 25px\"><span style=\"color: #ffffff\"><strong>Bester Aceto Balsamico 2025: Gewinner des 59. Palios<\/strong><\/span><\/h3><\/div>\n<div id='sample_slider_slide05' class='sa_hover_container' style='padding:5% 5%; margin:0px 0%; background-image:url(&quot;https:\/\/balsamico.shop\/de\/wp-content\/uploads\/2017\/09\/Acetaie-Aperte-2025.png&quot;); background-position:center center; background-size:auto 100%; background-repeat:no-repeat; background-color:rgb(248, 246, 238); '><div class='sa_hover_buttons' style='top:50%; left:50%; margin-top:-20px; margin-left:-20px;'><a class='sa_slide_link_icon' href='https:\/\/balsamico.shop\/de\/acetaie-aperte-tag-der-offenen-tuer-in-modena\/' target='_self' title='' aria-label=''><\/a><\/div>\n<h3 style=\"text-align: center;background-color: darkred;line-height: 25px\"><span style=\"color: #ffffff\"><strong>Acetaie Aperte 2025 \u2013 Tag der offenen T\u00fcr in Modena<\/strong><\/span><\/h3><\/div>\n<div id='sample_slider_slide06' class='sa_hover_container' style='padding:5% 5%; margin:0px 0%; background-image:url(&quot;https:\/\/balsamico.shop\/de\/wp-content\/uploads\/2024\/07\/weisse-traube-balsamico-trebbiano.jpg&quot;); background-position:center center; background-size:auto 100%; background-repeat:no-repeat; background-color:rgb(248, 246, 238); '><div class='sa_hover_buttons' style='top:50%; left:50%; margin-top:-20px; margin-left:-20px;'><a class='sa_slide_link_icon' href='https:\/\/balsamico.shop\/de\/weisses-balsamico-joghurt-dressing\/' target='_self' title='' aria-label=''><\/a><\/div>\n<h3 style=\"text-align: center;background-color: darkred;line-height: 25px\"><span style=\"color: #ffffff\"><strong>Joghurt-Balsamico-Dressing: Das italienische Salatdressing<\/strong><\/span><\/h3><\/div>\n<div id='sample_slider_slide07' class='sa_hover_container' style='padding:5% 5%; margin:0px 0%; background-image:url(&quot;https:\/\/balsamico.shop\/de\/wp-content\/uploads\/2024\/04\/ndr-markt-aceto-balsamico-verkostung.png&quot;); background-position:center center; background-size:contain; background-repeat:no-repeat; background-color:rgb(248, 246, 238); '><div class='sa_hover_buttons' style='top:50%; left:50%; margin-top:-20px; margin-left:-20px;'><a class='sa_slide_link_icon' href='https:\/\/balsamico.shop\/de\/jo-hiller-ndr-markt-verkostet-aceto-balsamico\/' target='_self' title='' aria-label=''><\/a><\/div>\n<h3 style=\"text-align: center;background-color: darkred;line-height: 25px\"><span style=\"color: #ffffff\"><strong>NDR Markt<\/strong>: <\/span><span style=\"color: #ffffff\">Balsamico-Verkostung<\/span><\/h3><\/div>\n<div id='sample_slider_slide08' class='sa_hover_container' style='padding:5% 5%; margin:0px 0%; background-image:url(&quot;https:\/\/balsamico.shop\/de\/wp-content\/uploads\/2024\/01\/Acetaie-Aperte-2023-1.png&quot;); background-position:center center; background-size:contain; background-repeat:no-repeat; background-color:rgb(248, 246, 238); '><div class='sa_hover_buttons' style='top:50%; left:50%; margin-top:-20px; margin-left:-20px;'><a class='sa_slide_link_icon' href='https:\/\/balsamico.shop\/de\/rekord-abfuellung-aceto-balsamico-tradizionale-di-modena-dop\/' target='_self' title='' aria-label=''><\/a><\/div>\n<h3 style=\"text-align: center;background-color: darkred;line-height: 25px\"><span style=\"color: #ffffff\"><strong>Rekord-Abf\u00fcllung f\u00fcr Aceto Balsamico di Modena<\/strong><\/span><\/h3>\r\n<div id=\"gtx-trans\" style=\"position: absolute;left: 318px;top: -7.6875px\">\r\n<div class=\"gtx-trans-icon\">\u00a0<\/div>\r\n<\/div><\/div>\n<div id='sample_slider_slide09' class='sa_hover_container' style='padding:5% 5%; margin:0px 0%; background-image:url(&quot;https:\/\/balsamico.shop\/de\/wp-content\/uploads\/2023\/11\/neues-consorzio-terre-del-balsamico.png&quot;); background-position:center center; background-size:contain; background-repeat:no-repeat; background-color:rgb(248, 246, 238); '><div class='sa_hover_buttons' style='top:50%; left:50%; margin-top:-20px; margin-left:-20px;'><a class='sa_slide_link_icon' href='https:\/\/balsamico.shop\/de\/klassische-italienische-rezepte\/' target='_self' title='' aria-label=''><\/a><\/div>\n<h3 style=\"text-align: center;background-color: darkred;line-height: 25px\"><span style=\"color: #ffffff\"><strong>Italienische Rezepte<\/strong>: <\/span><span style=\"color: #ffffff\">Die Klassiker mit Balsamico verfeinert<\/span><\/h3><\/div>\n<div id='sample_slider_slide10' class='sa_hover_container' style='padding:5% 5%; margin:0px 0%; background-image:url(&quot;https:\/\/balsamico.shop\/de\/wp-content\/uploads\/2024\/01\/Acetaie-Aperte-2023-3.png&quot;); background-position:center center; background-size:contain; background-repeat:no-repeat; background-color:rgb(248, 246, 238); '><div class='sa_hover_buttons' style='top:50%; left:50%; margin-top:-20px; margin-left:-20px;'><a class='sa_slide_link_icon' href='https:\/\/balsamico.shop\/de\/neue-produktspezifikation-fuer-aceto-balsamico-di-modena-igp\/' target='_self' title='' aria-label=''><\/a><\/div>\n<h3 style=\"text-align: center;background-color: darkred;line-height: 25px\"><span style=\"color: #ffffff\">\u00c4nderung der Produktspezifikation f\u00fcr Aceto Balsamico di Modena IGP<\/span><\/h3><\/div>\n<\/div>\n<\/div>\n<script type='text\/javascript'>\n\tjQuery(document).ready(function() {\n\t\tjQuery('#sample_slider').owlCarousel({\n\t\t\titems : 1,\n\t\t\tsmartSpeed : 300,\n\t\t\tautoplay : true,\n\t\t\tautoplayTimeout : 4000,\n\t\t\tautoplayHoverPause : true,\n\t\t\tsmartSpeed : 300,\n\t\t\tfluidSpeed : 300,\n\t\t\tautoplaySpeed : 300,\n\t\t\tnavSpeed : 300,\n\t\t\tdotsSpeed : 300,\n\t\t\tloop : true,\n\t\t\tnav : true,\n\t\t\tnavText : ['Previous','Next'],\n\t\t\tdots : true,\n\t\t\tresponsiveRefreshRate : 200,\n\t\t\tslideBy : 1,\n\t\t\tmergeFit : true,\n\t\t\tautoHeight : true,\n\t\t\tmouseDrag : false,\n\t\t\ttouchDrag : true\n\t\t});\n\t\tjQuery('#sample_slider').css('visibility', 'visible');\n\t\tsa_resize_sample_slider();\n\t\twindow.addEventListener('resize', sa_resize_sample_slider);\n\t\tfunction sa_resize_sample_slider() {\n\t\t\tvar min_height = '50';\n\t\t\tvar win_width = jQuery(window).width();\n\t\t\tvar slider_width = jQuery('#sample_slider').width();\n\t\t\tif (win_width < 480) {\n\t\t\t\tvar slide_width = slider_width \/ 1;\n\t\t\t} else if (win_width < 768) {\n\t\t\t\tvar slide_width = slider_width \/ 1;\n\t\t\t} else if (win_width < 980) {\n\t\t\t\tvar slide_width = slider_width \/ 1;\n\t\t\t} else if (win_width < 1200) {\n\t\t\t\tvar slide_width = slider_width \/ 1;\n\t\t\t} else if (win_width < 1500) {\n\t\t\t\tvar slide_width = slider_width \/ 1;\n\t\t\t} else {\n\t\t\t\tvar slide_width = slider_width \/ 1;\n\t\t\t}\n\t\t\tslide_width = Math.round(slide_width);\n\t\t\tvar slide_height = '0';\n\t\t\tif (min_height == 'aspect43') {\n\t\t\t\tslide_height = (slide_width \/ 4) * 3;\t\t\t\tslide_height = Math.round(slide_height);\n\t\t\t} else if (min_height == 'aspect169') {\n\t\t\t\tslide_height = (slide_width \/ 16) * 9;\t\t\t\tslide_height = Math.round(slide_height);\n\t\t\t} else {\n\t\t\t\tslide_height = (slide_width \/ 100) * min_height;\t\t\t\tslide_height = Math.round(slide_height);\n\t\t\t}\n\t\t\tjQuery('#sample_slider .owl-item .sa_hover_container').css('min-height', slide_height+'px');\n\t\t}\n\t\tvar owl_goto = jQuery('#sample_slider');\n\t\tjQuery('.sample_slider_goto1').click(function(event){\n\t\t\towl_goto.trigger('to.owl.carousel', 0);\n\t\t});\n\t\tjQuery('.sample_slider_goto2').click(function(event){\n\t\t\towl_goto.trigger('to.owl.carousel', 1);\n\t\t});\n\t\tjQuery('.sample_slider_goto3').click(function(event){\n\t\t\towl_goto.trigger('to.owl.carousel', 2);\n\t\t});\n\t\tjQuery('.sample_slider_goto4').click(function(event){\n\t\t\towl_goto.trigger('to.owl.carousel', 3);\n\t\t});\n\t\tjQuery('.sample_slider_goto5').click(function(event){\n\t\t\towl_goto.trigger('to.owl.carousel', 4);\n\t\t});\n\t\tjQuery('.sample_slider_goto6').click(function(event){\n\t\t\towl_goto.trigger('to.owl.carousel', 5);\n\t\t});\n\t\tjQuery('.sample_slider_goto7').click(function(event){\n\t\t\towl_goto.trigger('to.owl.carousel', 6);\n\t\t});\n\t\tjQuery('.sample_slider_goto8').click(function(event){\n\t\t\towl_goto.trigger('to.owl.carousel', 7);\n\t\t});\n\t\tjQuery('.sample_slider_goto9').click(function(event){\n\t\t\towl_goto.trigger('to.owl.carousel', 8);\n\t\t});\n\t\tjQuery('.sample_slider_goto10').click(function(event){\n\t\t\towl_goto.trigger('to.owl.carousel', 9);\n\t\t});\n\t\tvar resize_15037 = jQuery('.owl-carousel');\n\t\tresize_15037.on('initialized.owl.carousel', function(e) {\n\t\t\tif (typeof(Event) === 'function') {\n\t\t\t\twindow.dispatchEvent(new Event('resize'));\n\t\t\t} else {\n\t\t\t\tvar evt = window.document.createEvent('UIEvents');\n\t\t\t\tevt.initUIEvent('resize', true, false, window, 0);\n\t\t\t\twindow.dispatchEvent(evt);\n\t\t\t}\n\t\t});\n\t});\n<\/script>\n\n<p>Balsamico ist nicht gleich <a href=\"https:\/\/balsamico.shop\/de\/was-ist-der-unterschied-von-balsamico-und-balsamessig\/\">Balsamico<\/a> &#8211; die Produktpalette der am Markt erh\u00e4ltlichen Balsamessige reicht von 0,50 EUR \/ Liter bis \u00fcber 10.000 EUR \/ Liter! Diese Preisunterschiede entstehen in erster Linie durch die extremen Qualit\u00e4tsunterschiede des Balsamicos. Der Geschmack eines nat\u00fcrlichen und ohne Zus\u00e4tze hergestellten Aceto Balsamico, welcher ausschlie\u00dflich aus eingekochtem Traubenmost besteht <strong>und l\u00e4nger als 12 Jahre<\/strong> in verschiedenen Holzf\u00e4ssern reifen durfte, ist ein unvergessliches und intensives Geschmackserlebnis zwischen s\u00fc\u00df und sauer in einer einzigartigen Kombination.<br \/>\n<a href=\"https:\/\/balsamico.shop\/de\/shop\/\"><img loading=\"lazy\" decoding=\"async\" class=\"size-medium wp-image-3782 aligncenter\" src=\"https:\/\/balsamico.shop\/de\/wp-content\/uploads\/2020\/04\/shop-300x112.png\" alt=\"zum Balsamico Shop\" width=\"300\" height=\"112\" srcset=\"https:\/\/balsamico.shop\/de\/wp-content\/uploads\/2020\/04\/shop-300x112.png 300w, https:\/\/balsamico.shop\/de\/wp-content\/uploads\/2020\/04\/shop-390x145.png 390w, https:\/\/balsamico.shop\/de\/wp-content\/uploads\/2020\/04\/shop.png 424w\" sizes=\"auto, (max-width: 300px) 100vw, 300px\" \/><\/a><\/p>\n<style id=\"sp_product_slider_dynamic_css14779\">#wps-slider-section #sp-woo-product-slider-14779.wps-product-section .wpsp-pagination-dot .swiper-pagination-bullet{ background-color:#cccccc; } #wps-slider-section #sp-woo-product-slider-14779.wps-product-section .wpsp-pagination-dot .swiper-pagination-bullet.swiper-pagination-bullet-active{ background-color:#333333; }#wps-slider-section #sp-woo-product-slider-14779.wps-product-section .wpsp-nav { color:#444444; background-color:transparent; border: 1px solid #aaaaaa; } #wps-slider-section #sp-woo-product-slider-14779.wps-product-section .wpsp-nav:hover { color:#ffffff; background-color:#444444; border-color:#444444; } #wps-slider-section.wps-slider-section-14779{ padding-top: 45px; }#wps-slider-section #sp-woo-product-slider-14779.wps-product-section[data-layout=grid] { margin-left: -20px;}#wps-slider-section #sp-woo-product-slider-14779 .wpsf-grid-item { padding-left: 20px; margin-bottom: 20px;}#wps-slider-section #sp-woo-product-slider-14779 .wpsf-product-title a{ color: #444444; font-size: 15px; } #wps-slider-section #sp-woo-product-slider-14779 .wpsf-product-title a:hover{ color: #955b89; }#sp-woo-product-slider-14779.sp-wps-custom-template .wps-product-image .wpsf-product-img,#sp-woo-product-slider-14779.sp-wps-theme_one .wps-product-image { border: 1px solid #dddddd;}#wps-slider-section #sp-woo-product-slider-14779.sp-wps-theme_one .wpsf-product:hover .wps-product-image, #sp-woo-product-slider-14779.sp-wps-custom-template .sp-wps-product-image-area:hover .wps-product-image .wpsf-product-img { border-color: #dddddd;}#wps-slider-section #sp-woo-product-slider-14779 .wps-pagination ul li .page-numbers {background: transparent; color: #5e5e5e; border: 2px solid #dddddd; } #wps-slider-section #sp-woo-product-slider-14779 .wps-pagination ul li .page-numbers:hover,#wps-slider-section #sp-woo-product-slider-14779 .wps-pagination ul li .page-numbers.current {background: #5e5e5e; color: #ffffff; border-color: #5e5e5e; }#wps-slider-section #sp-woo-product-slider-14779 a.sp-wqv-view-button{ display: none; }<\/style><div id=\"wps-slider-section\" class=\"wps-slider-section wps-slider-section-14779\">\n\t\t<div class=\"wps-preloader\" id=\"wps-preloader-14779\" style=\"\">\n\t\t<img decoding=\"async\" src=\"https:\/\/balsamico.shop\/de\/wp-content\/plugins\/woo-product-slider\/src\/Admin\/assets\/images\/spinner.svg\" alt=\"loader-image\"\/>\n\t<\/div>\n\t\t\t<div id=\"sp-woo-product-slider-14779\" class=\"wps-product-section sp-wps-theme_one\" data-swiper='{ \"pauseOnHover\": true, \"infinite\": true, \"slidesToShow\": 4, \"speed\": 600,\"spaceBetween\": 20, \"autoplay\": true, \"autoplaySpeed\": 3000, \"swipe\": true, \"draggable\": true,\"freeMode\":false,\"carousel_accessibility\": false,\"mousewheel\": false,\"adaptiveHeight\": false, \"slidesPerView\":{\"lg_desktop\":4, \"desktop\":3, \"tablet\":2, \"mobile\":1} }'  dir=\"ltr\" data-preloader=\"1\">\n\t\t\t<div class=\"swiper-wrapper\">\n\t\t<div class=\"wpsf-product  swiper-slide\">\n\t<div class=\"sp-wps-product-image-area\">\n\t\t<a href=\"https:\/\/balsamico.shop\/de\/produkt\/aceto-balsamico-tradizionale-di-modena-extra-vecchio-dop-giuseppe-cremonini\/\" class=\"wps-product-image\">\n\t<img loading=\"lazy\" decoding=\"async\" width=\"256\" height=\"300\" src=\"https:\/\/balsamico.shop\/de\/wp-content\/uploads\/2023\/07\/cremonini-aceto-balsamico-tradizionale-extravecchio-256x300.jpg\" class=\"wpsf-product-img wp-post-image\" alt=\"Aceto Balsamico Tradizionale di Modena DOP extravecchio Cremonini\" srcset=\"https:\/\/balsamico.shop\/de\/wp-content\/uploads\/2023\/07\/cremonini-aceto-balsamico-tradizionale-extravecchio-256x300.jpg 256w, https:\/\/balsamico.shop\/de\/wp-content\/uploads\/2023\/07\/cremonini-aceto-balsamico-tradizionale-extravecchio-875x1024.jpg 875w, https:\/\/balsamico.shop\/de\/wp-content\/uploads\/2023\/07\/cremonini-aceto-balsamico-tradizionale-extravecchio-768x899.jpg 768w, https:\/\/balsamico.shop\/de\/wp-content\/uploads\/2023\/07\/cremonini-aceto-balsamico-tradizionale-extravecchio-1313x1536.jpg 1313w, https:\/\/balsamico.shop\/de\/wp-content\/uploads\/2023\/07\/cremonini-aceto-balsamico-tradizionale-extravecchio-1170x1369.jpg 1170w, https:\/\/balsamico.shop\/de\/wp-content\/uploads\/2023\/07\/cremonini-aceto-balsamico-tradizionale-extravecchio-870x1018.jpg 870w, https:\/\/balsamico.shop\/de\/wp-content\/uploads\/2023\/07\/cremonini-aceto-balsamico-tradizionale-extravecchio-390x456.jpg 390w, https:\/\/balsamico.shop\/de\/wp-content\/uploads\/2023\/07\/cremonini-aceto-balsamico-tradizionale-extravecchio-300x351.jpg 300w, https:\/\/balsamico.shop\/de\/wp-content\/uploads\/2023\/07\/cremonini-aceto-balsamico-tradizionale-extravecchio-600x702.jpg 600w, https:\/\/balsamico.shop\/de\/wp-content\/uploads\/2023\/07\/cremonini-aceto-balsamico-tradizionale-extravecchio-150x176.jpg 150w, https:\/\/balsamico.shop\/de\/wp-content\/uploads\/2023\/07\/cremonini-aceto-balsamico-tradizionale-extravecchio.jpg 1600w\" sizes=\"auto, (max-width: 256px) 100vw, 256px\" \/><\/a>\n\t\t<div class=\"sp-wps-product-details\">\n\t\t\t<div class=\"sp-wps-product-details-inner\">\n\t\t\t\t\t\t<div class=\"wpsf-product-title\"><a href=\"https:\/\/balsamico.shop\/de\/produkt\/aceto-balsamico-tradizionale-di-modena-extra-vecchio-dop-giuseppe-cremonini\/\">Aceto Balsamico Tradizionale di Modena DOP Extra Vecchio \u2013 Giuseppe Cremonini<\/a><\/div>\n\t\t\t\t<\/div> <!-- sp-wps-product-details-inner. -->\n\t\t<\/div> <!--  sp-wps-product-details. -->\n\t<\/div> <!-- sp-wps-product-image-area.  -->\n<\/div> <!-- wpsf-product. -->\n<div class=\"wpsf-product  swiper-slide\">\n\t<div class=\"sp-wps-product-image-area\">\n\t\t<a href=\"https:\/\/balsamico.shop\/de\/produkt\/novizio-balsamessig-dressing-picci\/\" class=\"wps-product-image\">\n\t<img loading=\"lazy\" decoding=\"async\" width=\"256\" height=\"300\" src=\"https:\/\/balsamico.shop\/de\/wp-content\/uploads\/2023\/02\/novizio-condimento-picci-256x300.jpg\" class=\"wpsf-product-img wp-post-image\" alt=\"\" srcset=\"https:\/\/balsamico.shop\/de\/wp-content\/uploads\/2023\/02\/novizio-condimento-picci-256x300.jpg 256w, https:\/\/balsamico.shop\/de\/wp-content\/uploads\/2023\/02\/novizio-condimento-picci-875x1024.jpg 875w, https:\/\/balsamico.shop\/de\/wp-content\/uploads\/2023\/02\/novizio-condimento-picci-768x899.jpg 768w, https:\/\/balsamico.shop\/de\/wp-content\/uploads\/2023\/02\/novizio-condimento-picci-1313x1536.jpg 1313w, https:\/\/balsamico.shop\/de\/wp-content\/uploads\/2023\/02\/novizio-condimento-picci-1170x1369.jpg 1170w, https:\/\/balsamico.shop\/de\/wp-content\/uploads\/2023\/02\/novizio-condimento-picci-870x1018.jpg 870w, https:\/\/balsamico.shop\/de\/wp-content\/uploads\/2023\/02\/novizio-condimento-picci-390x456.jpg 390w, https:\/\/balsamico.shop\/de\/wp-content\/uploads\/2023\/02\/novizio-condimento-picci-300x351.jpg 300w, https:\/\/balsamico.shop\/de\/wp-content\/uploads\/2023\/02\/novizio-condimento-picci-600x702.jpg 600w, https:\/\/balsamico.shop\/de\/wp-content\/uploads\/2023\/02\/novizio-condimento-picci.jpg 1600w\" sizes=\"auto, (max-width: 256px) 100vw, 256px\" \/><\/a>\n\t\t<div class=\"sp-wps-product-details\">\n\t\t\t<div class=\"sp-wps-product-details-inner\">\n\t\t\t\t\t\t<div class=\"wpsf-product-title\"><a href=\"https:\/\/balsamico.shop\/de\/produkt\/novizio-balsamessig-dressing-picci\/\">IL NOVIZIO \u2013 Balsamessig-Dressing \u2013 Picci<\/a><\/div>\n\t\t\t\t<\/div> <!-- sp-wps-product-details-inner. -->\n\t\t<\/div> <!--  sp-wps-product-details. -->\n\t<\/div> <!-- sp-wps-product-image-area.  -->\n<\/div> <!-- wpsf-product. -->\n<div class=\"wpsf-product  swiper-slide\">\n\t<div class=\"sp-wps-product-image-area\">\n\t\t<a href=\"https:\/\/balsamico.shop\/de\/produkt\/10-ml-aceto-balsamico-tradizionale-di-reggio-emilia-bernardo-tesori\/\" class=\"wps-product-image\">\n\t<div class='container-image-and-badge  '><img loading=\"lazy\" decoding=\"async\" width=\"256\" height=\"300\" src=\"https:\/\/balsamico.shop\/de\/wp-content\/uploads\/2021\/10\/aceto-balsamico-tradizionale-di-reggio-emilia-dop-bernardo-tesori-10ml-256x300.jpg\" class=\"wpsf-product-img wp-post-image\" alt=\"Bernardo Tesori - Aceto Balsamico Tradizionale di Reggio Emilia D.O.P. Argento\" srcset=\"https:\/\/balsamico.shop\/de\/wp-content\/uploads\/2021\/10\/aceto-balsamico-tradizionale-di-reggio-emilia-dop-bernardo-tesori-10ml-256x300.jpg 256w, https:\/\/balsamico.shop\/de\/wp-content\/uploads\/2021\/10\/aceto-balsamico-tradizionale-di-reggio-emilia-dop-bernardo-tesori-10ml-875x1024.jpg 875w, https:\/\/balsamico.shop\/de\/wp-content\/uploads\/2021\/10\/aceto-balsamico-tradizionale-di-reggio-emilia-dop-bernardo-tesori-10ml-768x899.jpg 768w, https:\/\/balsamico.shop\/de\/wp-content\/uploads\/2021\/10\/aceto-balsamico-tradizionale-di-reggio-emilia-dop-bernardo-tesori-10ml-1313x1536.jpg 1313w, https:\/\/balsamico.shop\/de\/wp-content\/uploads\/2021\/10\/aceto-balsamico-tradizionale-di-reggio-emilia-dop-bernardo-tesori-10ml-1170x1369.jpg 1170w, https:\/\/balsamico.shop\/de\/wp-content\/uploads\/2021\/10\/aceto-balsamico-tradizionale-di-reggio-emilia-dop-bernardo-tesori-10ml-870x1018.jpg 870w, https:\/\/balsamico.shop\/de\/wp-content\/uploads\/2021\/10\/aceto-balsamico-tradizionale-di-reggio-emilia-dop-bernardo-tesori-10ml-390x456.jpg 390w, https:\/\/balsamico.shop\/de\/wp-content\/uploads\/2021\/10\/aceto-balsamico-tradizionale-di-reggio-emilia-dop-bernardo-tesori-10ml-300x351.jpg 300w, https:\/\/balsamico.shop\/de\/wp-content\/uploads\/2021\/10\/aceto-balsamico-tradizionale-di-reggio-emilia-dop-bernardo-tesori-10ml-600x702.jpg 600w, https:\/\/balsamico.shop\/de\/wp-content\/uploads\/2021\/10\/aceto-balsamico-tradizionale-di-reggio-emilia-dop-bernardo-tesori-10ml.jpg 1600w\" sizes=\"auto, (max-width: 256px) 100vw, 256px\" \/>\n<div class=\"yith-wcbm-badge yith-wcbm-badge-5769 yith-wcbm-badge-css yith-wcbm-badge--on-product-8153 yith-wcbm-badge-css-8 yith-wcbm-css-badge-5769 yith-wcbm-badge-5769\" data-transform=''>\n\t<div class='yith-wcbm-badge__wrap'>\n\t\t<div class=\"yith-wcbm-css-s1\"><\/div>\n\t\t<div class=\"yith-wcbm-css-s2\"><\/div>\n\t\t<div class=\"yith-wcbm-css-text\">\n\t\t\t<div class=\"yith-wcbm-badge-text\"><div style=\"font-family: 'Open Sans', sans-serif;color:#ffffff;font-size:13px\">NEU<\/div><\/div>\n\t\t<\/div>\n\t<\/div><!--yith-wcbm-badge__wrap-->\n\t<svg>\n    <style> .yith-wcbm-badge-5769{--badge-discount-text : 'Discount';--badge-up-to-text : 'Up to';--badge-primary-color : #dd3333;--badge-text-color : #ffffff;--badge-secondary-color : #841e1e;--badge-secondary-light-color : #9a2323;--badge-secondary-dark-color : #6e1919;--badge-tertiary-color : #581414;--badge-triadic-positive-color : hsl(90 , 71% , 53% );--badge-triadic-negative-color : hsl(-90 , 71% , 53% );--badge-analogous-positive-color : hsl(30 , 71% , 53% );--badge-analogous-negative-color : hsl(-30 , 71% , 53% );--badge-complementary-color : hsl(180 , 71% , 53% );} \n        .yith-wcbm-badge.yith-wcbm-badge-css-8 {\n            box-sizing: border-box;\n            background-color: transparent;\n            width: 65px !important;\n            height: 65px !important;\n            overflow: hidden;\n        }\n\n        .yith-wcbm-badge.yith-wcbm-badge-css-8 div.yith-wcbm-css-s1 {\n            position: absolute;\n            z-index: 12;\n            top: 0;\n            left: 2px;\n            border-left: 3px solid transparent;\n            width: 10px;\n            border-bottom: 4px solid var(--badge-secondary-color, #246587);\n        }\n\n        .yith-wcbm-badge.yith-wcbm-badge-css-8 div.yith-wcbm-css-s2 {\n            position: absolute;\n            z-index: 12;\n            bottom: 2px;\n            right: 0px;\n            border-bottom: 3px solid transparent;\n            height: 10px;\n            border-left: 4px solid var(--badge-secondary-color, #246587);\n        }\n\n        .yith-wcbm-badge.yith-wcbm-badge-css-8 div.yith-wcbm-css-text {\n            position: absolute;\n            z-index: 14;\n            -webkit-transform: rotate(45deg) translate(-50%, -125%);\n            -ms-transform: rotate(45deg) translate(-50%, -125%);\n            transform: rotate(45deg) translate(-50%, -125%);\n            transform-origin: top left;\n            top: 50%;\n            left: 50%;\n            width: 110px;\n            height: 17px;\n        }\n\n        .yith-wcbm-badge.yith-wcbm-badge-css-8 div.yith-wcbm-css-text .yith-wcbm-badge-text {\n            position: absolute;\n            width: 100%;\n            transform: translate(-50%, -50%);\n            top: 40%;\n            left: 50%;\n            background: var(--badge-primary-color, #3a86c4);\n        }\n\n        .yith-wcbm-badge.yith-wcbm-badge-css-8.yith-wcbm-badge-css--flip-vertical div.yith-wcbm-badge-text{\n            transform: scaleY(-1) translate(-50%, 50%);\n            top: 40%;\n        }\n\n        .yith-wcbm-badge.yith-wcbm-badge-css-8.yith-wcbm-badge-css--flip-horizontal div.yith-wcbm-badge-text{\n            transform: scaleX(-1) translate(50%, -50%);\n        }\n\n        .yith-wcbm-badge.yith-wcbm-badge-css-8.yith-wcbm-badge-css--flip-both div.yith-wcbm-badge-text {\n            transform: scale(-1) translate(50%, 50%);\n            top: 40%;\n        }\n    <\/style>\n<\/svg>\n<\/div>\n<\/div><!--container-image-and-badge--><\/a>\n\t\t<div class=\"sp-wps-product-details\">\n\t\t\t<div class=\"sp-wps-product-details-inner\">\n\t\t\t\t\t\t<div class=\"wpsf-product-title\"><a href=\"https:\/\/balsamico.shop\/de\/produkt\/10-ml-aceto-balsamico-tradizionale-di-reggio-emilia-bernardo-tesori\/\">Aceto Balsamico Tradizionale di Reggio Emilia D.O.P. &#8211; Argento &#8211; Bernardo Tesori<\/a><\/div>\n\t\t\t\t<\/div> <!-- sp-wps-product-details-inner. -->\n\t\t<\/div> <!--  sp-wps-product-details. -->\n\t<\/div> <!-- sp-wps-product-image-area.  -->\n<\/div> <!-- wpsf-product. -->\n<div class=\"wpsf-product  swiper-slide\">\n\t<div class=\"sp-wps-product-image-area\">\n\t\t<a href=\"https:\/\/balsamico.shop\/de\/produkt\/giuseppe-cremonini-aceto-balsamico-di-modena-invecchiato-5-trauben-aged\/\" class=\"wps-product-image\">\n\t<img loading=\"lazy\" decoding=\"async\" width=\"256\" height=\"300\" src=\"https:\/\/balsamico.shop\/de\/wp-content\/uploads\/2020\/04\/giuseppe-cremonini-aceto-balsamico-di-modena-invecchiato-5-trauben-aged-256x300.jpg\" class=\"wpsf-product-img wp-post-image\" alt=\"Giuseppe Cremonini Aceto Balsamico di Modena invecchiato 5 Trauben Aged IGP\" srcset=\"https:\/\/balsamico.shop\/de\/wp-content\/uploads\/2020\/04\/giuseppe-cremonini-aceto-balsamico-di-modena-invecchiato-5-trauben-aged-256x300.jpg 256w, https:\/\/balsamico.shop\/de\/wp-content\/uploads\/2020\/04\/giuseppe-cremonini-aceto-balsamico-di-modena-invecchiato-5-trauben-aged-875x1024.jpg 875w, https:\/\/balsamico.shop\/de\/wp-content\/uploads\/2020\/04\/giuseppe-cremonini-aceto-balsamico-di-modena-invecchiato-5-trauben-aged-768x899.jpg 768w, https:\/\/balsamico.shop\/de\/wp-content\/uploads\/2020\/04\/giuseppe-cremonini-aceto-balsamico-di-modena-invecchiato-5-trauben-aged-1313x1536.jpg 1313w, https:\/\/balsamico.shop\/de\/wp-content\/uploads\/2020\/04\/giuseppe-cremonini-aceto-balsamico-di-modena-invecchiato-5-trauben-aged-1170x1369.jpg 1170w, https:\/\/balsamico.shop\/de\/wp-content\/uploads\/2020\/04\/giuseppe-cremonini-aceto-balsamico-di-modena-invecchiato-5-trauben-aged-870x1018.jpg 870w, https:\/\/balsamico.shop\/de\/wp-content\/uploads\/2020\/04\/giuseppe-cremonini-aceto-balsamico-di-modena-invecchiato-5-trauben-aged-390x456.jpg 390w, https:\/\/balsamico.shop\/de\/wp-content\/uploads\/2020\/04\/giuseppe-cremonini-aceto-balsamico-di-modena-invecchiato-5-trauben-aged-300x351.jpg 300w, https:\/\/balsamico.shop\/de\/wp-content\/uploads\/2020\/04\/giuseppe-cremonini-aceto-balsamico-di-modena-invecchiato-5-trauben-aged-600x702.jpg 600w, https:\/\/balsamico.shop\/de\/wp-content\/uploads\/2020\/04\/giuseppe-cremonini-aceto-balsamico-di-modena-invecchiato-5-trauben-aged.jpg 1600w\" sizes=\"auto, (max-width: 256px) 100vw, 256px\" \/><\/a>\n\t\t<div class=\"sp-wps-product-details\">\n\t\t\t<div class=\"sp-wps-product-details-inner\">\n\t\t\t\t\t\t<div class=\"wpsf-product-title\"><a href=\"https:\/\/balsamico.shop\/de\/produkt\/giuseppe-cremonini-aceto-balsamico-di-modena-invecchiato-5-trauben-aged\/\">Aceto Balsamico di Modena I.G.P. \u2013 Invecchiato \u2013 Cremonini<\/a><\/div>\n\t\t\t\t<\/div> <!-- sp-wps-product-details-inner. -->\n\t\t<\/div> <!--  sp-wps-product-details. -->\n\t<\/div> <!-- sp-wps-product-image-area.  -->\n<\/div> <!-- wpsf-product. -->\n<div class=\"wpsf-product  swiper-slide\">\n\t<div class=\"sp-wps-product-image-area\">\n\t\t<a href=\"https:\/\/balsamico.shop\/de\/produkt\/aceto-balsamico-tradizionale-di-modena-dop-silber\/\" class=\"wps-product-image\">\n\t<img loading=\"lazy\" decoding=\"async\" width=\"256\" height=\"300\" src=\"https:\/\/balsamico.shop\/de\/wp-content\/uploads\/2019\/01\/holzbox-bernardo-tesori-silber-dop-256x300.jpg\" class=\"wpsf-product-img wp-post-image\" alt=\"Bernardo Tesori Silber Holzbox Geschenk - Aceto Balsamico Tradizionale di Modena DOP\" srcset=\"https:\/\/balsamico.shop\/de\/wp-content\/uploads\/2019\/01\/holzbox-bernardo-tesori-silber-dop-256x300.jpg 256w, https:\/\/balsamico.shop\/de\/wp-content\/uploads\/2019\/01\/holzbox-bernardo-tesori-silber-dop-875x1024.jpg 875w, https:\/\/balsamico.shop\/de\/wp-content\/uploads\/2019\/01\/holzbox-bernardo-tesori-silber-dop-768x899.jpg 768w, https:\/\/balsamico.shop\/de\/wp-content\/uploads\/2019\/01\/holzbox-bernardo-tesori-silber-dop-1313x1536.jpg 1313w, https:\/\/balsamico.shop\/de\/wp-content\/uploads\/2019\/01\/holzbox-bernardo-tesori-silber-dop-1170x1369.jpg 1170w, https:\/\/balsamico.shop\/de\/wp-content\/uploads\/2019\/01\/holzbox-bernardo-tesori-silber-dop-870x1018.jpg 870w, https:\/\/balsamico.shop\/de\/wp-content\/uploads\/2019\/01\/holzbox-bernardo-tesori-silber-dop-390x456.jpg 390w, https:\/\/balsamico.shop\/de\/wp-content\/uploads\/2019\/01\/holzbox-bernardo-tesori-silber-dop-300x351.jpg 300w, https:\/\/balsamico.shop\/de\/wp-content\/uploads\/2019\/01\/holzbox-bernardo-tesori-silber-dop-600x702.jpg 600w, https:\/\/balsamico.shop\/de\/wp-content\/uploads\/2019\/01\/holzbox-bernardo-tesori-silber-dop.jpg 1600w\" sizes=\"auto, (max-width: 256px) 100vw, 256px\" \/><\/a>\n\t\t<div class=\"sp-wps-product-details\">\n\t\t\t<div class=\"sp-wps-product-details-inner\">\n\t\t\t\t\t\t<div class=\"wpsf-product-title\"><a href=\"https:\/\/balsamico.shop\/de\/produkt\/aceto-balsamico-tradizionale-di-modena-dop-silber\/\">Aceto Balsamico Tradizionale di Modena D.O.P. \u2013 Bernardo Tesori<\/a><\/div>\n\t\t\t\t<\/div> <!-- sp-wps-product-details-inner. -->\n\t\t<\/div> <!--  sp-wps-product-details. -->\n\t<\/div> <!-- sp-wps-product-image-area.  -->\n<\/div> <!-- wpsf-product. -->\n<div class=\"wpsf-product  swiper-slide\">\n\t<div class=\"sp-wps-product-image-area\">\n\t\t<a href=\"https:\/\/balsamico.shop\/de\/produkt\/100-prozent-traubenmost-8-jahre-alltagsbalsamico\/\" class=\"wps-product-image\">\n\t<img loading=\"lazy\" decoding=\"async\" width=\"256\" height=\"300\" src=\"https:\/\/balsamico.shop\/de\/wp-content\/uploads\/2017\/01\/balsamico-riserva-nando-256x300.jpg\" class=\"wpsf-product-img wp-post-image\" alt=\"\" srcset=\"https:\/\/balsamico.shop\/de\/wp-content\/uploads\/2017\/01\/balsamico-riserva-nando-256x300.jpg 256w, https:\/\/balsamico.shop\/de\/wp-content\/uploads\/2017\/01\/balsamico-riserva-nando-875x1024.jpg 875w, https:\/\/balsamico.shop\/de\/wp-content\/uploads\/2017\/01\/balsamico-riserva-nando-768x899.jpg 768w, https:\/\/balsamico.shop\/de\/wp-content\/uploads\/2017\/01\/balsamico-riserva-nando-1313x1536.jpg 1313w, https:\/\/balsamico.shop\/de\/wp-content\/uploads\/2017\/01\/balsamico-riserva-nando-1170x1369.jpg 1170w, https:\/\/balsamico.shop\/de\/wp-content\/uploads\/2017\/01\/balsamico-riserva-nando-870x1018.jpg 870w, https:\/\/balsamico.shop\/de\/wp-content\/uploads\/2017\/01\/balsamico-riserva-nando-390x456.jpg 390w, https:\/\/balsamico.shop\/de\/wp-content\/uploads\/2017\/01\/balsamico-riserva-nando-300x351.jpg 300w, https:\/\/balsamico.shop\/de\/wp-content\/uploads\/2017\/01\/balsamico-riserva-nando-600x702.jpg 600w, https:\/\/balsamico.shop\/de\/wp-content\/uploads\/2017\/01\/balsamico-riserva-nando.jpg 1600w\" sizes=\"auto, (max-width: 256px) 100vw, 256px\" \/><\/a>\n\t\t<div class=\"sp-wps-product-details\">\n\t\t\t<div class=\"sp-wps-product-details-inner\">\n\t\t\t\t\t\t<div class=\"wpsf-product-title\"><a href=\"https:\/\/balsamico.shop\/de\/produkt\/100-prozent-traubenmost-8-jahre-alltagsbalsamico\/\">Riserva Nando \u2013 100% Trebbiano Traubenmost \u2013 Alltagsbalsamico \u2013 Cavalli<\/a><\/div>\n\t\t\t\t<\/div> <!-- sp-wps-product-details-inner. -->\n\t\t<\/div> <!--  sp-wps-product-details. -->\n\t<\/div> <!-- sp-wps-product-image-area.  -->\n<\/div> <!-- wpsf-product. -->\n<div class=\"wpsf-product  swiper-slide\">\n\t<div class=\"sp-wps-product-image-area\">\n\t\t<a href=\"https:\/\/balsamico.shop\/de\/produkt\/extravecchio-abtm-villa-san-donnino\/\" class=\"wps-product-image\">\n\t<img loading=\"lazy\" decoding=\"async\" width=\"256\" height=\"300\" src=\"https:\/\/balsamico.shop\/de\/wp-content\/uploads\/2017\/01\/villa-san-donnino-aceto-balsamico-tradizionale-extravecchio-256x300.jpg\" class=\"wpsf-product-img wp-post-image\" alt=\"\" srcset=\"https:\/\/balsamico.shop\/de\/wp-content\/uploads\/2017\/01\/villa-san-donnino-aceto-balsamico-tradizionale-extravecchio-256x300.jpg 256w, https:\/\/balsamico.shop\/de\/wp-content\/uploads\/2017\/01\/villa-san-donnino-aceto-balsamico-tradizionale-extravecchio-875x1024.jpg 875w, https:\/\/balsamico.shop\/de\/wp-content\/uploads\/2017\/01\/villa-san-donnino-aceto-balsamico-tradizionale-extravecchio-768x899.jpg 768w, https:\/\/balsamico.shop\/de\/wp-content\/uploads\/2017\/01\/villa-san-donnino-aceto-balsamico-tradizionale-extravecchio-1313x1536.jpg 1313w, https:\/\/balsamico.shop\/de\/wp-content\/uploads\/2017\/01\/villa-san-donnino-aceto-balsamico-tradizionale-extravecchio-1170x1369.jpg 1170w, https:\/\/balsamico.shop\/de\/wp-content\/uploads\/2017\/01\/villa-san-donnino-aceto-balsamico-tradizionale-extravecchio-870x1018.jpg 870w, https:\/\/balsamico.shop\/de\/wp-content\/uploads\/2017\/01\/villa-san-donnino-aceto-balsamico-tradizionale-extravecchio-390x456.jpg 390w, https:\/\/balsamico.shop\/de\/wp-content\/uploads\/2017\/01\/villa-san-donnino-aceto-balsamico-tradizionale-extravecchio-300x351.jpg 300w, https:\/\/balsamico.shop\/de\/wp-content\/uploads\/2017\/01\/villa-san-donnino-aceto-balsamico-tradizionale-extravecchio-600x702.jpg 600w, https:\/\/balsamico.shop\/de\/wp-content\/uploads\/2017\/01\/villa-san-donnino-aceto-balsamico-tradizionale-extravecchio.jpg 1600w\" sizes=\"auto, (max-width: 256px) 100vw, 256px\" \/><\/a>\n\t\t<div class=\"sp-wps-product-details\">\n\t\t\t<div class=\"sp-wps-product-details-inner\">\n\t\t\t\t\t\t<div class=\"wpsf-product-title\"><a href=\"https:\/\/balsamico.shop\/de\/produkt\/extravecchio-abtm-villa-san-donnino\/\">Extravecchio \u2013 Aceto Balsamico Tradizionale di Modena DOP \u2013 Villa San Donnino<\/a><\/div>\n\t\t\t\t<\/div> <!-- sp-wps-product-details-inner. -->\n\t\t<\/div> <!--  sp-wps-product-details. -->\n\t<\/div> <!-- sp-wps-product-image-area.  -->\n<\/div> <!-- wpsf-product. -->\n<div class=\"wpsf-product  swiper-slide\">\n\t<div class=\"sp-wps-product-image-area\">\n\t\t<a href=\"https:\/\/balsamico.shop\/de\/produkt\/la-secchia-duetto-balsamico-tradizionale\/\" class=\"wps-product-image\">\n\t<img loading=\"lazy\" decoding=\"async\" width=\"256\" height=\"300\" src=\"https:\/\/balsamico.shop\/de\/wp-content\/uploads\/2016\/10\/duetto-aceto-balsamico-affinato-extravecchio-1-256x300.jpg\" class=\"wpsf-product-img wp-post-image\" alt=\"\" srcset=\"https:\/\/balsamico.shop\/de\/wp-content\/uploads\/2016\/10\/duetto-aceto-balsamico-affinato-extravecchio-1-256x300.jpg 256w, https:\/\/balsamico.shop\/de\/wp-content\/uploads\/2016\/10\/duetto-aceto-balsamico-affinato-extravecchio-1-875x1024.jpg 875w, https:\/\/balsamico.shop\/de\/wp-content\/uploads\/2016\/10\/duetto-aceto-balsamico-affinato-extravecchio-1-768x899.jpg 768w, https:\/\/balsamico.shop\/de\/wp-content\/uploads\/2016\/10\/duetto-aceto-balsamico-affinato-extravecchio-1-1313x1536.jpg 1313w, https:\/\/balsamico.shop\/de\/wp-content\/uploads\/2016\/10\/duetto-aceto-balsamico-affinato-extravecchio-1-1170x1369.jpg 1170w, https:\/\/balsamico.shop\/de\/wp-content\/uploads\/2016\/10\/duetto-aceto-balsamico-affinato-extravecchio-1-870x1018.jpg 870w, https:\/\/balsamico.shop\/de\/wp-content\/uploads\/2016\/10\/duetto-aceto-balsamico-affinato-extravecchio-1-390x456.jpg 390w, https:\/\/balsamico.shop\/de\/wp-content\/uploads\/2016\/10\/duetto-aceto-balsamico-affinato-extravecchio-1-300x351.jpg 300w, https:\/\/balsamico.shop\/de\/wp-content\/uploads\/2016\/10\/duetto-aceto-balsamico-affinato-extravecchio-1-600x702.jpg 600w, https:\/\/balsamico.shop\/de\/wp-content\/uploads\/2016\/10\/duetto-aceto-balsamico-affinato-extravecchio-1.jpg 1600w\" sizes=\"auto, (max-width: 256px) 100vw, 256px\" \/><\/a>\n\t\t<div class=\"sp-wps-product-details\">\n\t\t\t<div class=\"sp-wps-product-details-inner\">\n\t\t\t\t\t\t<div class=\"wpsf-product-title\"><a href=\"https:\/\/balsamico.shop\/de\/produkt\/la-secchia-duetto-balsamico-tradizionale\/\">Duetto \u2013 Zwei Aceto Balsamico Tradizionale di Modena DOP \u2013 12 &#038; 25 Jahre \u2013 La Secchia<\/a><\/div>\n\t\t\t\t<\/div> <!-- sp-wps-product-details-inner. -->\n\t\t<\/div> <!--  sp-wps-product-details. -->\n\t<\/div> <!-- sp-wps-product-image-area.  -->\n<\/div> <!-- wpsf-product. -->\n<div class=\"wpsf-product  swiper-slide\">\n\t<div class=\"sp-wps-product-image-area\">\n\t\t<a href=\"https:\/\/balsamico.shop\/de\/produkt\/aceto-balsamico-tradizionale-di-modena-pedroni\/\" class=\"wps-product-image\">\n\t<div class='container-image-and-badge  '><img loading=\"lazy\" decoding=\"async\" width=\"256\" height=\"300\" src=\"https:\/\/balsamico.shop\/de\/wp-content\/uploads\/2016\/10\/aceto-balsamico-tradizionale-affinato-pedroni-italo-1-256x300.jpg\" class=\"wpsf-product-img wp-post-image\" alt=\"\" srcset=\"https:\/\/balsamico.shop\/de\/wp-content\/uploads\/2016\/10\/aceto-balsamico-tradizionale-affinato-pedroni-italo-1-256x300.jpg 256w, https:\/\/balsamico.shop\/de\/wp-content\/uploads\/2016\/10\/aceto-balsamico-tradizionale-affinato-pedroni-italo-1-875x1024.jpg 875w, https:\/\/balsamico.shop\/de\/wp-content\/uploads\/2016\/10\/aceto-balsamico-tradizionale-affinato-pedroni-italo-1-768x899.jpg 768w, https:\/\/balsamico.shop\/de\/wp-content\/uploads\/2016\/10\/aceto-balsamico-tradizionale-affinato-pedroni-italo-1-1313x1536.jpg 1313w, https:\/\/balsamico.shop\/de\/wp-content\/uploads\/2016\/10\/aceto-balsamico-tradizionale-affinato-pedroni-italo-1-1170x1369.jpg 1170w, https:\/\/balsamico.shop\/de\/wp-content\/uploads\/2016\/10\/aceto-balsamico-tradizionale-affinato-pedroni-italo-1-870x1018.jpg 870w, https:\/\/balsamico.shop\/de\/wp-content\/uploads\/2016\/10\/aceto-balsamico-tradizionale-affinato-pedroni-italo-1-390x456.jpg 390w, https:\/\/balsamico.shop\/de\/wp-content\/uploads\/2016\/10\/aceto-balsamico-tradizionale-affinato-pedroni-italo-1-300x351.jpg 300w, https:\/\/balsamico.shop\/de\/wp-content\/uploads\/2016\/10\/aceto-balsamico-tradizionale-affinato-pedroni-italo-1-600x702.jpg 600w, https:\/\/balsamico.shop\/de\/wp-content\/uploads\/2016\/10\/aceto-balsamico-tradizionale-affinato-pedroni-italo-1.jpg 1600w\" sizes=\"auto, (max-width: 256px) 100vw, 256px\" \/><div class='yith-wcbm-badge yith-wcbm-badge-4122 yith-wcbm-badge-image yith-wcbm-badge--on-product-385 yith-wcbm-badge-image-uploaded' data-position='{&quot;top&quot;:&quot;20px&quot;,&quot;right&quot;:&quot;0px&quot;,&quot;bottom&quot;:&quot;0px&quot;,&quot;left&quot;:&quot;2px&quot;}' data-transform=' rotatez( 352deg )'>\n\t<div class='yith-wcbm-badge__wrap'>\n\t\t<img decoding=\"async\" src=\"https:\/\/balsamico.shop\/de\/wp-content\/uploads\/2020\/06\/hotsale-badge_available.png\" alt=\"YITH Badge\"\/>\n\t<\/div>\n<\/div>\n<!--yith-wcbm-badge-->\n<\/div><!--container-image-and-badge--><\/a>\n\t\t<div class=\"sp-wps-product-details\">\n\t\t\t<div class=\"sp-wps-product-details-inner\">\n\t\t\t\t\t\t<div class=\"wpsf-product-title\"><a href=\"https:\/\/balsamico.shop\/de\/produkt\/aceto-balsamico-tradizionale-di-modena-pedroni\/\">Pedroni \u2013 traditioneller Balsamessig \u2013 ABTM \u2013 12 Jahre Italo<\/a><\/div>\n\t\t\t\t<\/div> <!-- sp-wps-product-details-inner. -->\n\t\t<\/div> <!--  sp-wps-product-details. -->\n\t<\/div> <!-- sp-wps-product-image-area.  -->\n<\/div> <!-- wpsf-product. -->\n<div class=\"wpsf-product  swiper-slide\">\n\t<div class=\"sp-wps-product-image-area\">\n\t\t<a href=\"https:\/\/balsamico.shop\/de\/produkt\/aceto-balsamico-tradizionale-di-reggio-emilia-d-o-p-argento-picci-18-jahre\/\" class=\"wps-product-image\">\n\t<img loading=\"lazy\" decoding=\"async\" width=\"256\" height=\"300\" src=\"https:\/\/balsamico.shop\/de\/wp-content\/uploads\/2016\/05\/acetaia-picci-aceto-balsamico-tradizionale-argento-reggioemilia-1-256x300.jpg\" class=\"wpsf-product-img wp-post-image\" alt=\"\" srcset=\"https:\/\/balsamico.shop\/de\/wp-content\/uploads\/2016\/05\/acetaia-picci-aceto-balsamico-tradizionale-argento-reggioemilia-1-256x300.jpg 256w, https:\/\/balsamico.shop\/de\/wp-content\/uploads\/2016\/05\/acetaia-picci-aceto-balsamico-tradizionale-argento-reggioemilia-1-875x1024.jpg 875w, https:\/\/balsamico.shop\/de\/wp-content\/uploads\/2016\/05\/acetaia-picci-aceto-balsamico-tradizionale-argento-reggioemilia-1-768x899.jpg 768w, https:\/\/balsamico.shop\/de\/wp-content\/uploads\/2016\/05\/acetaia-picci-aceto-balsamico-tradizionale-argento-reggioemilia-1-1313x1536.jpg 1313w, https:\/\/balsamico.shop\/de\/wp-content\/uploads\/2016\/05\/acetaia-picci-aceto-balsamico-tradizionale-argento-reggioemilia-1-1170x1369.jpg 1170w, https:\/\/balsamico.shop\/de\/wp-content\/uploads\/2016\/05\/acetaia-picci-aceto-balsamico-tradizionale-argento-reggioemilia-1-870x1018.jpg 870w, https:\/\/balsamico.shop\/de\/wp-content\/uploads\/2016\/05\/acetaia-picci-aceto-balsamico-tradizionale-argento-reggioemilia-1-390x456.jpg 390w, https:\/\/balsamico.shop\/de\/wp-content\/uploads\/2016\/05\/acetaia-picci-aceto-balsamico-tradizionale-argento-reggioemilia-1-300x351.jpg 300w, https:\/\/balsamico.shop\/de\/wp-content\/uploads\/2016\/05\/acetaia-picci-aceto-balsamico-tradizionale-argento-reggioemilia-1-600x702.jpg 600w, https:\/\/balsamico.shop\/de\/wp-content\/uploads\/2016\/05\/acetaia-picci-aceto-balsamico-tradizionale-argento-reggioemilia-1.jpg 1600w\" sizes=\"auto, (max-width: 256px) 100vw, 256px\" \/><\/a>\n\t\t<div class=\"sp-wps-product-details\">\n\t\t\t<div class=\"sp-wps-product-details-inner\">\n\t\t\t\t\t\t<div class=\"wpsf-product-title\"><a href=\"https:\/\/balsamico.shop\/de\/produkt\/aceto-balsamico-tradizionale-di-reggio-emilia-d-o-p-argento-picci-18-jahre\/\">Aceto Balsamico Tradizionale di Reggio Emilia D.O.P \u2013 Argento \u2013 Picci \u2013 18 Jahre<\/a><\/div>\n\t\t\t\t<\/div> <!-- sp-wps-product-details-inner. -->\n\t\t<\/div> <!--  sp-wps-product-details. -->\n\t<\/div> <!-- sp-wps-product-image-area.  -->\n<\/div> <!-- wpsf-product. -->\n\t\t\t<\/div> <!-- end swiper-wrapper tag  -->\n\t\t\t\t\t\t\t<!-- next \/ prev arrows -->\n\t\t\t<div class=\"wpsp-nav swiper-button-next\"><i class=\"fa fa-angle-right\"><\/i><\/div>\n\t\t\t<div class=\"wpsp-nav swiper-button-prev\"><i class=\"fa fa-angle-left\"><\/i><\/div>\n\t\t\t<!-- !next \/ prev arrows -->\n\t\t\t\t\t\t\t<!-- pagination dots -->\n\t\t\t<div class=\"wpsp-pagination-dot swiper-pagination\"><\/div>\n\t\t\t<!-- !pagination dots -->\n\t\t\t\t<\/div>\n<\/div>\n\n<blockquote><p>Wir sind der Meinung, nur wer einen richtig guten Aceto Balsamico Tradizionale einmal selbst probiert hat, wei\u00df warum dieses Lebensmittel zu Recht zu den teuersten Lebensmitteln der Welt geh\u00f6rt.<\/p><\/blockquote>\n<p>Entdecken Sie in unserem <a href=\"https:\/\/balsamico.shop\/de\/shop\/\">Balsamico Shop<\/a> eine kleine aber exquisite Auswahl der k\u00f6stlichen Tropfen von ausgesuchten Essigwinzern der Regionen Modena und Reggio Emilia in Italien sowie einige andere <a href=\"https:\/\/balsamico.shop\/de\/produkt-kategorie\/delikatessen\/\">Delikatessen<\/a> aus der Welt der Balsamessige. Falls Sie mehr dar\u00fcber erfahren wollen, woran Sie einen hochwertigen Balsamico erkennen, laden wir Sie dazu ein unser <a href=\"https:\/\/www.facebook.com\/balsamici\/videos\/balsamico-unterschied-zwischen-balsamico-essig-vs-aceto-balsamico\/202079839504917\/\">kurzes Video<\/a> anzuschauen, in der es um die Qualit\u00e4tssiegel IGP und DOP und deren Bedeutung in der Balsamico-Welt geht.<\/p>\n<p style=\"text-align: center;\">\u00dcber uns wurde bereits in folgenden Medien <a href=\"https:\/\/www.zeit.de\/news\/2020-04\/22\/welcher-balsamico-zu-welcher-speise-passt\" target=\"_blank\" rel=\"noopener noreferrer\">berichtet<\/a>:<\/p>\n<p><img loading=\"lazy\" decoding=\"async\" width=\"531\" height=\"199\" class=\"wp-image-3946 size-full aligncenter\" src=\"https:\/\/balsamico.shop\/de\/wp-content\/uploads\/2020\/05\/bekannt-aus.jpg\" alt=\"Bernardo Tesori bekannt aus den Medien\" vspace=\"5\" srcset=\"https:\/\/balsamico.shop\/de\/wp-content\/uploads\/2020\/05\/bekannt-aus.jpg 531w, https:\/\/balsamico.shop\/de\/wp-content\/uploads\/2020\/05\/bekannt-aus-300x112.jpg 300w, https:\/\/balsamico.shop\/de\/wp-content\/uploads\/2020\/05\/bekannt-aus-390x146.jpg 390w\" sizes=\"auto, (max-width: 531px) 100vw, 531px\" \/><\/p>\n<p>&nbsp;<\/p>\n<p>Alles Wissenswerte \u00fcber Balsamico:<\/p>\n<div class='white' style='background:rgba(0,0,0,0); border:solid 0px rgba(0,0,0,0); border-radius:0px; padding:0px 0px 0px 0px;'>\n<div id='slider_16728' class='owl-carousel sa_owl_theme owl-pagination-true autohide-arrows' data-slider-id='slider_16728' style='visibility:hidden;'>\n<div id='slider_16728_slide01' class='sa_hover_container' style='padding:5% 5%; margin:0px 0%; background-image:url(&quot;https:\/\/balsamico.shop\/de\/wp-content\/uploads\/2023\/08\/malpighi-balsamico-faesser-massimo.png&quot;); background-position:center center; background-size:cover; background-repeat:no-repeat; '><div class='sa_hover_buttons' style='top:50%; left:50%; margin-top:-20px; margin-left:-20px;'><a class='sa_slide_link_icon' href='https:\/\/balsamico.shop\/de\/was-ist-balsamico\/' target='_self' title='' aria-label=''><\/a><\/div>\n<h3 style=\"text-align: center;background-color: darkred;line-height: 25px\"><span style=\"color: #ffffff\"><strong>Was ist Balsamico?<\/strong><\/span><\/h3><\/div>\n<div id='slider_16728_slide02' class='sa_hover_container' style='padding:5% 5%; margin:0px 0%; background-image:url(&quot;https:\/\/balsamico.shop\/de\/wp-content\/uploads\/2024\/05\/tomate-mozzarella-balsamico-caprese-salat.png&quot;); background-position:center center; background-size:cover; background-repeat:no-repeat; '><div class='sa_hover_buttons' style='top:50%; left:50%; margin-top:-20px; margin-left:-20px;'><a class='sa_slide_link_icon' href='https:\/\/balsamico.shop\/de\/wie-verwendet-man-echten-balsamico\/' target='_self' title='' aria-label=''><\/a><\/div>\n<h3 style=\"text-align: center;background-color: darkred;line-height: 25px\"><span style=\"color: #ffffff\"><strong>Wie verwendet man echten Balsamico in der K\u00fcche?<\/strong><\/span><\/h3><\/div>\n<div id='slider_16728_slide03' class='sa_hover_container' style='padding:5% 5%; margin:0px 0%; background-image:url(&quot;https:\/\/balsamico.shop\/de\/wp-content\/uploads\/2024\/07\/aceto-balsamico-tradizionale-modena-DOP-bernardo-tesori-scaled-e1721991230347.jpg&quot;); background-position:center bottom; background-size:cover; background-repeat:no-repeat; '><div class='sa_hover_buttons' style='top:50%; left:50%; margin-top:-20px; margin-left:-20px;'><a class='sa_slide_link_icon' href='https:\/\/balsamico.shop\/de\/definition-eines-aceto-balsamico-tradizionale\/' target='_self' title='' aria-label=''><\/a><\/div>\n<h3 style=\"text-align: center;background-color: darkred;line-height: 25px\"><span style=\"color: #ffffff\"><strong>Aceto Balsamico Tradizionale di Modena DOP: Eine gesch\u00fctzte Ursprungsbezeichnung<\/strong><\/span><\/h3><\/div>\n<\/div>\n<\/div>\n<script type='text\/javascript'>\n\tjQuery(document).ready(function() {\n\t\tjQuery('#slider_16728').owlCarousel({\n\t\t\titems : 1,\n\t\t\tsmartSpeed : 300,\n\t\t\tautoplay : true,\n\t\t\tautoplayTimeout : 4000,\n\t\t\tautoplayHoverPause : true,\n\t\t\tsmartSpeed : 300,\n\t\t\tfluidSpeed : 300,\n\t\t\tautoplaySpeed : 300,\n\t\t\tnavSpeed : 300,\n\t\t\tdotsSpeed : 300,\n\t\t\tloop : true,\n\t\t\tnav : true,\n\t\t\tnavText : ['Previous','Next'],\n\t\t\tdots : true,\n\t\t\tresponsiveRefreshRate : 200,\n\t\t\tslideBy : 1,\n\t\t\tmergeFit : true,\n\t\t\tautoHeight : false,\n\t\t\tmouseDrag : false,\n\t\t\ttouchDrag : true\n\t\t});\n\t\tjQuery('#slider_16728').css('visibility', 'visible');\n\t\tsa_resize_slider_16728();\n\t\twindow.addEventListener('resize', sa_resize_slider_16728);\n\t\tfunction sa_resize_slider_16728() {\n\t\t\tvar min_height = '50';\n\t\t\tvar win_width = jQuery(window).width();\n\t\t\tvar slider_width = jQuery('#slider_16728').width();\n\t\t\tif (win_width < 480) {\n\t\t\t\tvar slide_width = slider_width \/ 1;\n\t\t\t} else if (win_width < 768) {\n\t\t\t\tvar slide_width = slider_width \/ 1;\n\t\t\t} else if (win_width < 980) {\n\t\t\t\tvar slide_width = slider_width \/ 1;\n\t\t\t} else if (win_width < 1200) {\n\t\t\t\tvar slide_width = slider_width \/ 1;\n\t\t\t} else if (win_width < 1500) {\n\t\t\t\tvar slide_width = slider_width \/ 1;\n\t\t\t} else {\n\t\t\t\tvar slide_width = slider_width \/ 1;\n\t\t\t}\n\t\t\tslide_width = Math.round(slide_width);\n\t\t\tvar slide_height = '0';\n\t\t\tif (min_height == 'aspect43') {\n\t\t\t\tslide_height = (slide_width \/ 4) * 3;\t\t\t\tslide_height = Math.round(slide_height);\n\t\t\t} else if (min_height == 'aspect169') {\n\t\t\t\tslide_height = (slide_width \/ 16) * 9;\t\t\t\tslide_height = Math.round(slide_height);\n\t\t\t} else {\n\t\t\t\tslide_height = (slide_width \/ 100) * min_height;\t\t\t\tslide_height = Math.round(slide_height);\n\t\t\t}\n\t\t\tjQuery('#slider_16728 .owl-item .sa_hover_container').css('min-height', slide_height+'px');\n\t\t}\n\t\tvar owl_goto = jQuery('#slider_16728');\n\t\tjQuery('.slider_16728_goto1').click(function(event){\n\t\t\towl_goto.trigger('to.owl.carousel', 0);\n\t\t});\n\t\tjQuery('.slider_16728_goto2').click(function(event){\n\t\t\towl_goto.trigger('to.owl.carousel', 1);\n\t\t});\n\t\tjQuery('.slider_16728_goto3').click(function(event){\n\t\t\towl_goto.trigger('to.owl.carousel', 2);\n\t\t});\n\t\tvar resize_16728 = jQuery('.owl-carousel');\n\t\tresize_16728.on('initialized.owl.carousel', function(e) {\n\t\t\tif (typeof(Event) === 'function') {\n\t\t\t\twindow.dispatchEvent(new Event('resize'));\n\t\t\t} else {\n\t\t\t\tvar evt = window.document.createEvent('UIEvents');\n\t\t\t\tevt.initUIEvent('resize', true, false, window, 0);\n\t\t\t\twindow.dispatchEvent(evt);\n\t\t\t}\n\t\t});\n\t});\n<\/script>\n\n","protected":false},"excerpt":{"rendered":"<p>Die aktuellen Highlights aus der Balsamico-Welt Balsamico ist nicht gleich Balsamico &#8211; die Produktpalette der am Markt erh\u00e4ltlichen Balsamessige reicht von 0,50 EUR \/ Liter bis \u00fcber 10.000 EUR \/ Liter! Diese Preisunterschiede entstehen in erster Linie durch die extremen Qualit\u00e4tsunterschiede des Balsamicos. Der Geschmack eines nat\u00fcrlichen und ohne Zus\u00e4tze hergestellten Aceto Balsamico, welcher ausschlie\u00dflich aus eingekochtem Traubenmost besteht und l\u00e4nger als 12 Jahre in verschiedenen Holzf\u00e4ssern reifen durfte, ist ein unvergessliches und intensives Geschmackserlebnis zwischen s\u00fc\u00df und sauer in einer einzigartigen Kombination. Wir sind der Meinung, nur wer einen richtig guten Aceto Balsamico Tradizionale einmal selbst probiert hat, wei\u00df warum dieses Lebensmittel zu Recht zu den teuersten Lebensmitteln der Welt geh\u00f6rt. Entdecken Sie in unserem Balsamico Shop eine kleine aber exquisite Auswahl der k\u00f6stlichen Tropfen von ausgesuchten Essigwinzern der Regionen Modena und Reggio Emilia in Italien sowie einige andere Delikatessen aus der Welt der Balsamessige. Falls Sie mehr dar\u00fcber erfahren wollen, woran Sie einen hochwertigen Balsamico erkennen, laden wir Sie dazu ein unser kurzes Video anzuschauen, in der es um die Qualit\u00e4tssiegel IGP und DOP und deren Bedeutung in der Balsamico-Welt geht. \u00dcber uns wurde bereits in folgenden Medien berichtet: &nbsp; Alles Wissenswerte \u00fcber Balsamico:<\/p>\n","protected":false},"author":1,"featured_media":0,"parent":0,"menu_order":0,"comment_status":"closed","ping_status":"open","template":"","meta":{"footnotes":""},"class_list":["post-2","page","type-page","status-publish","hentry"],"yoast_head":"<!-- This site is optimized with the Yoast SEO plugin v27.3 - https:\/\/yoast.com\/product\/yoast-seo-wordpress\/ -->\n<title>Echter Balsamessig aus Italien - Aceto Balsamico Tradizionale<\/title>\n<meta name=\"description\" content=\"Wir \ud83e\udde1\udb40\udd32 Balsamico! Fachh\u00e4ndler f\u00fcr echten italienischen Aceto Balsamico Tradizionale di Modena D.O.P. Das Original aus Italien zum \u2705 Verschenken &amp; \u23e9 Genie\u00dfen\" \/>\n<meta name=\"robots\" content=\"index, follow, max-snippet:-1, max-image-preview:large, max-video-preview:-1\" \/>\n<link rel=\"canonical\" href=\"https:\/\/balsamico.shop\/de\/\" \/>\n<script type=\"application\/ld+json\" class=\"yoast-schema-graph\">{\"@context\":\"https:\\\/\\\/schema.org\",\"@graph\":[{\"@type\":\"ImageObject\",\"inLanguage\":\"de\",\"@id\":\"https:\\\/\\\/balsamico.shop\\\/de\\\/#primaryimage\",\"url\":\"https:\\\/\\\/balsamico.shop\\\/de\\\/wp-content\\\/uploads\\\/2020\\\/04\\\/shop.png\",\"contentUrl\":\"https:\\\/\\\/balsamico.shop\\\/de\\\/wp-content\\\/uploads\\\/2020\\\/04\\\/shop.png\",\"width\":424,\"height\":158,\"caption\":\"Zum Shop\"},{\"@type\":\"BreadcrumbList\",\"@id\":\"https:\\\/\\\/balsamico.shop\\\/de\\\/#breadcrumb\",\"itemListElement\":[{\"@type\":\"ListItem\",\"position\":1,\"name\":\"Startseite\",\"item\":\"https:\\\/\\\/balsamico.shop\\\/de\\\/\"},{\"@type\":\"ListItem\",\"position\":2,\"name\":\"Home\"}]},{\"@type\":\"WebSite\",\"@id\":\"https:\\\/\\\/balsamico.shop\\\/de\\\/#website\",\"url\":\"https:\\\/\\\/balsamico.shop\\\/de\\\/\",\"name\":\"Aceto Balsamico Shop\",\"description\":\"Shop f\u00fcr Balsamico aus Modena &amp; Reggio Emilia\",\"publisher\":{\"@id\":\"https:\\\/\\\/balsamico.shop\\\/de\\\/#organization\"},\"potentialAction\":[{\"@type\":\"SearchAction\",\"target\":{\"@type\":\"EntryPoint\",\"urlTemplate\":\"https:\\\/\\\/balsamico.shop\\\/de\\\/?s={search_term_string}\"},\"query-input\":{\"@type\":\"PropertyValueSpecification\",\"valueRequired\":true,\"valueName\":\"search_term_string\"}}],\"inLanguage\":\"de\"},{\"@type\":\"Organization\",\"@id\":\"https:\\\/\\\/balsamico.shop\\\/de\\\/#organization\",\"name\":\"Bernardo Tesori\",\"url\":\"https:\\\/\\\/balsamico.shop\\\/de\\\/\",\"logo\":{\"@type\":\"ImageObject\",\"inLanguage\":\"de\",\"@id\":\"https:\\\/\\\/balsamico.shop\\\/de\\\/#\\\/schema\\\/logo\\\/image\\\/\",\"url\":\"https:\\\/\\\/balsamico.shop\\\/de\\\/wp-content\\\/uploads\\\/2016\\\/04\\\/logo_bernardo.png\",\"contentUrl\":\"https:\\\/\\\/balsamico.shop\\\/de\\\/wp-content\\\/uploads\\\/2016\\\/04\\\/logo_bernardo.png\",\"width\":278,\"height\":466,\"caption\":\"Bernardo Tesori\"},\"image\":{\"@id\":\"https:\\\/\\\/balsamico.shop\\\/de\\\/#\\\/schema\\\/logo\\\/image\\\/\"}}]}<\/script>\n<!-- \/ Yoast SEO plugin. -->","yoast_head_json":{"title":"Echter Balsamessig aus Italien - Aceto Balsamico Tradizionale","description":"Wir \ud83e\udde1\udb40\udd32 Balsamico! Fachh\u00e4ndler f\u00fcr echten italienischen Aceto Balsamico Tradizionale di Modena D.O.P. Das Original aus Italien zum \u2705 Verschenken & \u23e9 Genie\u00dfen","robots":{"index":"index","follow":"follow","max-snippet":"max-snippet:-1","max-image-preview":"max-image-preview:large","max-video-preview":"max-video-preview:-1"},"canonical":"https:\/\/balsamico.shop\/de\/","schema":{"@context":"https:\/\/schema.org","@graph":[{"@type":"ImageObject","inLanguage":"de","@id":"https:\/\/balsamico.shop\/de\/#primaryimage","url":"https:\/\/balsamico.shop\/de\/wp-content\/uploads\/2020\/04\/shop.png","contentUrl":"https:\/\/balsamico.shop\/de\/wp-content\/uploads\/2020\/04\/shop.png","width":424,"height":158,"caption":"Zum Shop"},{"@type":"BreadcrumbList","@id":"https:\/\/balsamico.shop\/de\/#breadcrumb","itemListElement":[{"@type":"ListItem","position":1,"name":"Startseite","item":"https:\/\/balsamico.shop\/de\/"},{"@type":"ListItem","position":2,"name":"Home"}]},{"@type":"WebSite","@id":"https:\/\/balsamico.shop\/de\/#website","url":"https:\/\/balsamico.shop\/de\/","name":"Aceto Balsamico Shop","description":"Shop f\u00fcr Balsamico aus Modena &amp; Reggio Emilia","publisher":{"@id":"https:\/\/balsamico.shop\/de\/#organization"},"potentialAction":[{"@type":"SearchAction","target":{"@type":"EntryPoint","urlTemplate":"https:\/\/balsamico.shop\/de\/?s={search_term_string}"},"query-input":{"@type":"PropertyValueSpecification","valueRequired":true,"valueName":"search_term_string"}}],"inLanguage":"de"},{"@type":"Organization","@id":"https:\/\/balsamico.shop\/de\/#organization","name":"Bernardo Tesori","url":"https:\/\/balsamico.shop\/de\/","logo":{"@type":"ImageObject","inLanguage":"de","@id":"https:\/\/balsamico.shop\/de\/#\/schema\/logo\/image\/","url":"https:\/\/balsamico.shop\/de\/wp-content\/uploads\/2016\/04\/logo_bernardo.png","contentUrl":"https:\/\/balsamico.shop\/de\/wp-content\/uploads\/2016\/04\/logo_bernardo.png","width":278,"height":466,"caption":"Bernardo Tesori"},"image":{"@id":"https:\/\/balsamico.shop\/de\/#\/schema\/logo\/image\/"}}]}},"_links":{"self":[{"href":"https:\/\/balsamico.shop\/de\/wp-json\/wp\/v2\/pages\/2","targetHints":{"allow":["GET"]}}],"collection":[{"href":"https:\/\/balsamico.shop\/de\/wp-json\/wp\/v2\/pages"}],"about":[{"href":"https:\/\/balsamico.shop\/de\/wp-json\/wp\/v2\/types\/page"}],"author":[{"embeddable":true,"href":"https:\/\/balsamico.shop\/de\/wp-json\/wp\/v2\/users\/1"}],"replies":[{"embeddable":true,"href":"https:\/\/balsamico.shop\/de\/wp-json\/wp\/v2\/comments?post=2"}],"version-history":[{"count":40,"href":"https:\/\/balsamico.shop\/de\/wp-json\/wp\/v2\/pages\/2\/revisions"}],"predecessor-version":[{"id":18454,"href":"https:\/\/balsamico.shop\/de\/wp-json\/wp\/v2\/pages\/2\/revisions\/18454"}],"wp:attachment":[{"href":"https:\/\/balsamico.shop\/de\/wp-json\/wp\/v2\/media?parent=2"}],"curies":[{"name":"wp","href":"https:\/\/api.w.org\/{rel}","templated":true}]}}